{"id":21814,"date":"2020-10-28T14:38:26","date_gmt":"2020-10-28T13:38:26","guid":{"rendered":"https:\/\/schoolaboo.ch\/?post_type=job_listing&#038;p=21814"},"modified":"2020-10-28T14:38:26","modified_gmt":"2020-10-28T13:38:26","slug":"schulfabrik-wetzikon","status":"publish","type":"job_listing","link":"https:\/\/schoolaboo.com\/de\/listings\/schulfabrik-wetzikon\/","title":{"rendered":"Schulfabrik Wetzikon"},"content":{"rendered":"<div class=\"m-t-1 col-sm-6 plugin_cms-text\">\n<h1>Unser Angebot<\/h1>\n<ul>\n<li>\n<h3>1. &#8211; 3. Sekundarschule<\/h3>\n<\/li>\n<\/ul>\n<\/div>\n<div class=\"m-t-1 col-sm-6 plugin_cms-text\">\n<ul>\n<li>\n<h3>\u00a010. Schuljahr<\/h3>\n<\/li>\n<\/ul>\n<\/div>\n<div class=\"m-t-1 col-sm-6 plugin_cms-text visible-desktop hidden-mobile\">\n<ul>\n<li>\n<h3>Tagesschule\u00a0(keine Hausaufgaben)<\/h3>\n<\/li>\n<li>\n<h3>Kleine Klassen, Abteilungen A und B (Sek.\u00a0und \u00a0Real)<\/h3>\n<\/li>\n<li>\n<h3>wenig Bezugspersonen, famili\u00e4res Umfeld<\/h3>\n<\/li>\n<li>\n<h3>verantwortungsvolle Begleitung in der Berufswahl<\/h3>\n<\/li>\n<li>\n<h3>Individuelle F\u00f6rderung auch der Lebenskompetenzen (Tugenden)<\/h3>\n<\/li>\n<li>\n<h3>Ausserschulische Anl\u00e4sse (Klassenlager, Exkursionen, Projektwochen,\u00a0usw.)<\/h3>\n<\/li>\n<li>\n<h3>Teilweise altersdurchmischtes Lernen<\/h3>\n<\/li>\n<li>\n<h3>Neue Medien kompetent, sicher und sinnvoll nutzen k\u00f6nnen<\/h3>\n<\/li>\n<\/ul>\n<\/div>\n<div class=\"m-t-1 col-sm-6 plugin_cms-text\">\n<ul>\n<li>\n<h3>Tagesschule\u00a0(keine Hausaufgaben)<\/h3>\n<\/li>\n<li>\n<h3>Vorbereitung auf den Wunschberuf<\/h3>\n<\/li>\n<li>\n<h3>Sekundarschulabschluss f\u00fcr gute Realsch\u00fcler.<\/h3>\n<\/li>\n<li>\n<h3>Pr\u00fcfungsvorbereitung f\u00fcr die Mittelschule.<\/h3>\n<\/li>\n<li>\n<h3>Lernl\u00fccken abbauen<\/h3>\n<\/li>\n<\/ul>\n<div id=\"plugin_cms-teaser_556\" class=\"comicbox-superbox col-md-6 col-xs-12 plugin_cms-teaser clearfix\">\n<div class=\"row\">\n<div class=\"col-xs-12\">\n<div class=\"img-link m-t-2 text-xs-center\">\n<div class=\"row\">\n<div class=\"col-xs-12 comic-content\">\n<h2>Lernerfahrungen erm\u00f6glichen<\/h2>\n<h3>F\u00fcr uns heisst das: die Chance geben, Kompetenzen wirklich erwerben zu k\u00f6nnen.<\/h3>\n<p>Das erreichen wir z.B. durch:<\/p>\n<ul>\n<li>kleine Klassen<\/li>\n<li>enge Betreuung<\/li>\n<li>Zeitdruck wegnehmen<\/li>\n<li>Begleitung ins selbst\u00e4ndige Lernen<\/li>\n<\/ul>\n<\/div>\n<\/div>\n<\/div>\n<\/div>\n<\/div>\n<\/div>\n<div id=\"plugin_cms-teaser_273\" class=\"comicbox-superbox col-md-6 col-xs-12 plugin_cms-teaser clearfix\">\n<div class=\"row\">\n<div class=\"col-xs-12\">\n<div class=\"img-link m-t-2 text-xs-center\">\n<div class=\"img-link m-t-2 text-xs-center\">\n<div class=\"row\">\n<div class=\"col-xs-12\"><\/div>\n<div class=\"col-xs-12 clock-box\"><\/div>\n<\/div>\n<\/div>\n<div class=\"row\">\n<div class=\"col-xs-12 comic-content\">\n<h2>Selbstverantwortung<\/h2>\n<h3>Wir suchen m\u00f6glichst viele Wege, damit Sch\u00fclerinnen und Sch\u00fcler aktiv werden k\u00f6nnen.<\/h3>\n<p>Das erreichen wir z.B. durch:<\/p>\n<ul>\n<li>Mitverantwortung und Mitbestimmen im Schulrat<\/li>\n<li>Individualisierter Unterricht<\/li>\n<\/ul>\n<\/div>\n<\/div>\n<\/div>\n<\/div>\n<\/div>\n<\/div>\n<div id=\"plugin_cms-teaser_274\" class=\"comicbox-superbox col-md-6 col-xs-12 plugin_cms-teaser clearfix\">\n<div class=\"row\">\n<div class=\"col-xs-12\">\n<div class=\"img-link m-t-2 text-xs-center\">\n<div class=\"img-link m-t-2 text-xs-center\">\n<div class=\"row\">\n<div class=\"col-xs-12 clock-box\"><\/div>\n<\/div>\n<\/div>\n<div class=\"row\">\n<div class=\"col-xs-12 comic-content\">\n<h2>Vielfalt<\/h2>\n<h3>Sch\u00fclerinnen und Sch\u00fcler haben die M\u00f6glichkeit, vielf\u00e4ltige Erfahrungen zu sammeln<\/h3>\n<p>Das erreichen wir z.B. durch:<\/p>\n<ul>\n<li>verschiedene Unterrichtsformen<\/li>\n<li>ausserschulische Aktivit\u00e4ten<\/li>\n<li>Klassenlager<\/li>\n<li>Projektwoche<\/li>\n<\/ul>\n<p>&nbsp;<\/p>\n<p><span style=\"font-size: 2.25rem; color: inherit; font-family: inherit;\">Berufswelt<\/span><\/p>\n<p><span style=\"font-size: 1.5rem;\">Wir begleiten unsere Sch\u00fclerinnen und Sch\u00fcler in die Berufs- und Erwachsenenwelt.<\/span><\/p>\n<\/div>\n<\/div>\n<\/div>\n<\/div>\n<\/div>\n<\/div>\n<div id=\"plugin_cms-teaser_275\" class=\"comicbox-superbox col-md-6 col-xs-12 plugin_cms-teaser clearfix\">\n<div class=\"row\">\n<div class=\"col-xs-12\">\n<div class=\"img-link m-t-2 text-xs-center\">\n<div class=\"row\">\n<div class=\"col-xs-12 comic-content\">\n<p>Das bedeutet bei uns unter anderem:<\/p>\n<ul>\n<li>Begleitete Schnupperlehre<\/li>\n<li>Hilfe bei den Bewerbungsunterlagen<\/li>\n<li>Beratungsgespr\u00e4che<\/li>\n<\/ul>\n<p><span style=\"font-size: 2.25rem; color: inherit; font-family: inherit;\">Individuell<\/span><\/p>\n<\/div>\n<\/div>\n<\/div>\n<\/div>\n<\/div>\n<\/div>\n<div id=\"plugin_cms-teaser_276\" class=\"comicbox-superbox col-md-6 col-xs-12 plugin_cms-teaser clearfix\">\n<div class=\"row\">\n<div class=\"col-xs-12\">\n<div class=\"img-link m-t-2 text-xs-center\">\n<div class=\"row\">\n<div class=\"col-xs-12 comic-content\">\n<h3>Wir finden individuelle L\u00f6sungen f\u00fcr individuelle Bed\u00fcrfnisse<\/h3>\n<p>Das machen wir z.B. durch:<\/p>\n<ul>\n<li>Einzel- und Gruppengespr\u00e4che<\/li>\n<li>Binnendifferenzierte Aufgaben<\/li>\n<li>&#8230;<\/li>\n<\/ul>\n<p>&nbsp;<\/p>\n<p><span style=\"font-size: 2.25rem; color: inherit; font-family: inherit;\">Gemeinsames Lernen<\/span><\/p>\n<\/div>\n<\/div>\n<\/div>\n<\/div>\n<\/div>\n<\/div>\n<div id=\"plugin_cms-teaser_311\" class=\"comicbox-superbox col-md-6 col-xs-12 plugin_cms-teaser clearfix\">\n<div class=\"row\">\n<div class=\"col-xs-12\">\n<div class=\"img-link m-t-2 text-xs-center\">\n<div class=\"row\">\n<div class=\"col-xs-12 comic-content\">\n<h3>Profitieren von Erfahrungen und Wissen von Mitsch\u00fclerinnen und Mitsch\u00fclern.<\/h3>\n<p>Das findet z.B. statt bei:<\/p>\n<ul>\n<li>Altersdurchmischten Arbeitszeiten<\/li>\n<li>im Klassenlager<\/li>\n<li>&#8230;<\/li>\n<\/ul>\n<p>&nbsp;<\/p>\n<p><span style=\"font-size: 2.25rem; color: inherit; font-family: inherit;\">Hausaufgaben<\/span><\/p>\n<p><span style=\"font-size: 1.5rem;\">Wer hier den ganzen Tag arbeitet, geht um 15:45 nach Hause und hat Zeit f\u00fcr Sport, Musik usw..<\/span><\/p>\n<\/div>\n<\/div>\n<\/div>\n<\/div>\n<\/div>\n<\/div>\n<div id=\"plugin_cms-teaser_559\" class=\"comicbox-superbox col-md-6 col-xs-12 plugin_cms-teaser clearfix\">\n<div class=\"row\">\n<div class=\"col-xs-12\">\n<div class=\"img-link m-t-2 text-xs-center\">\n<div class=\"row\">\n<div class=\"col-xs-12 comic-content\">\n<p>Das ist m\u00f6glich weil:<\/p>\n<ul>\n<li>Jede Lektion ist auch Arbeiststunde.<\/li>\n<li>Die Lehrpersonen haben immer Zeit f\u00fcr Erkl\u00e4rungen und Hilfestellungen.<\/li>\n<li>Jeden Morgen wird eine zus\u00e4tzliche Frage und Aufgabenlektion offeriert.<\/li>\n<li>Die letzte Lektion des Tages dient der Reflektion und dem Erledigen der pendenten Aufgaben.<\/li>\n<\/ul>\n<\/div>\n<section id=\"col_introduction\" class=\"col page-about\">\n<div class=\"introduction container\">\n<div class=\"row\">\n<div class=\"col-md-8 col-md-offset-2\">\n<div class=\"row\">\n<div class=\"m-t-1 col-xs-12 plugin_cms-text\">\n<h1 class=\"align-center\">Schulfabrik<\/h1>\n<h2 class=\"align-center\">Wo lernen entspannt sein kann<\/h2>\n<\/div>\n<div class=\"col-xs-12 sf-icon-green-arc\"><img decoding=\"async\" class=\"img-responsive img-center\" src=\"https:\/\/www.schulfabrik.ch\/media\/img\/design\/icons\/green_arc.png\" alt=\"Liegender Bleistift\" \/><\/div>\n<div class=\"m-t-1 col-xs-12 plugin_cms-text\">\n<h3 class=\"align-center\">Umfassende, ganzheitliche Schulung und F\u00f6rderung f\u00fcr eine erfolgreiche Zukunft. Wir sind in einem grossen Inustriekomplex angesiedelt, wo viele Gewerbetreibende\u00a0und Firmen arbeiten.<br \/>\nTagt\u00e4glich erleben unsere Sch\u00fclerinnen und Sch\u00fcler den Berufsalltag und werden auch so auf ihr k\u00fcnftiges Arbeitsleben vorbereitet. Der Name Schulfabrik ist zugleich Programm: Tugenden wie Arbeitshaltung, P\u00fcnktlichkeit und Zuverl\u00e4ssigkeit werden von uns gefordert, dabei kommt aber auch die Freude an der Arbeit und der Humor nicht zu kurz.<\/h3>\n<\/div>\n<\/div>\n<\/div>\n<\/div>\n<\/div>\n<\/section>\n<section id=\"col_offer\" class=\"col page-about\">\n<div class=\"story container\">\n<div class=\"row\">\n<div class=\"m-t-1 col-sm-3 plugin_cms-text\">\n<h3 class=\"align-center\"><\/h3>\n<p>&nbsp;<\/p>\n<\/div>\n<div id=\"plugin_cms-teaser_205\" class=\"col-md-3 col-sm-6 plugin_cms-teaser \">\n<h3 class=\"teaser-header story-header text-xs-center\">2004<\/h3>\n<p class=\"teaser-content\">Gr\u00fcndung der Schulfabrik von Max Sidler und Andrea Klages auf dem Industrieareal\u00a0einer ehemaligen Schraubenfabrik, heute\u00a0<a title=\"Steiner Beck\" href=\"http:\/\/www.steiner-beck.ch\/\" target=\"_blank\" rel=\"noopener noreferrer\">Grossb\u00e4ckerei Steiner<\/a>. Beide waren zuvor in leitender Stellung an einer Privatschule t\u00e4tig. Die Erfahrungen aus dem Berufsleben von Max Sidler , der als Autoelektriker und Garagist\u00a0sein Lehrer- und Schulleiterpatent auf dem zweiten Bildungsweg erlangte, fliessen in den Unterricht ein: Die praxisnahe Oberstufe im Z\u00fcrcher Oberland\u00a0entsteht.<\/p>\n<\/div>\n<div id=\"plugin_cms-teaser_206\" class=\"col-md-3 col-sm-6 plugin_cms-teaser \">\n<h3 class=\"teaser-header story-header text-xs-center\">2006<\/h3>\n<p class=\"teaser-content\">Der Name Schulfabrik ist zugleich Programm: Tugenden wie Arbeitshaltung, P\u00fcnktlichkeit und Zuverl\u00e4ssigkeit werden von uns gefordert, dabei kommt aber auch die Freude an der Arbeit und der Humor nicht zu kurz. Andrea Klages scheidet aus der Schulfabrik aus, zugleich wird\u00a0der\u00a0\u00a0Neubau an der Kastellstrasse 6 bezogen. Die Sch\u00fclerzahlen entwickeln sich positiv, unsere Schulabg\u00e4nger finden Lehrstellen, das spricht sich herum.<\/p>\n<\/div>\n<div id=\"plugin_cms-teaser_207\" class=\"col-md-3 col-sm-6 plugin_cms-teaser \">\n<h3 class=\"teaser-header story-header text-xs-center\">2009<\/h3>\n<p class=\"teaser-content\">Das Geheimnis der Schulfabrik sind ihre engagierten und verantwortungsvollen Lehrkr\u00e4fte. Frau Benz,\u00a0Herr Zefferer und Herr Sidler f\u00fchren ihre Sch\u00fcler erfolgreich in die Zukunft. Die Schulpl\u00e4tze werden knapp, trotzdem wird darauf verzichtet, die Schule auszubauen. Zu wichtig ist das pers\u00f6nliche und famili\u00e4re Umfeld f\u00fcr den Schulerfolg. Wir verf\u00fcgen \u00fcber ein grosses Beziehungsnetz im Z\u00fcrcher Oberl\u00e4nder Gewerbe.<\/p>\n<\/div>\n<div id=\"plugin_cms-teaser_208\" class=\"col-md-3 col-sm-6 plugin_cms-teaser \">\n<p class=\"teaser-content\">\n<\/div>\n<p>&nbsp;<\/p>\n<\/div>\n<\/div>\n<\/section>\n<\/div>\n<\/div>\n<\/div>\n<\/div>\n<\/div>\n<\/div>\n","protected":false},"featured_media":0,"comment_status":"open","ping_status":"closed","template":"","meta":{"_promoted":"","_job_location":"Kastellstrasse 6, 8623 Wetzikon, Schweiz","_company_website":"https:\/\/www.schulfabrik.ch\/","_company_tagline":"","_company_twitter":"","_filled":0,"_featured":0,"_remote_position":0,"_job_salary":"","_job_salary_currency":"","_job_salary_unit":""},"job_listing_region":[153],"job-categories":[76,115],"job-types":[92],"class_list":{"0":"post-21814","1":"job_listing","2":"type-job_listing","3":"status-publish","4":"hentry","5":"job_listing_region-zuerich","6":"job_listing_category-sekundarstufe_1","7":"job_listing_category-tagesschule","8":"job_listing_type-sekundarstufe_1","10":"job-type-sekundarstufe-1-13-16-jahre"},"yoast_head":"<!-- This site is optimized with the Yoast SEO Premium plugin v23.3 (Yoast SEO v27.4) - https:\/\/yoast.com\/product\/yoast-seo-premium-wordpress\/ -->\n<title>Schulfabrik Wetzikon - Privatschul Verzeichnis und Beratung<\/title>\n<meta name=\"robots\" content=\"index, follow, max-snippet:-1, max-image-preview:large, max-video-preview:-1\" \/>\n<link rel=\"canonical\" href=\"https:\/\/schoolaboo.com\/de\/listings\/schulfabrik-wetzikon\/\" \/>\n<meta property=\"og:locale\" content=\"de_DE\" \/>\n<meta property=\"og:type\" content=\"article\" \/>\n<meta property=\"og:title\" content=\"Schulfabrik Wetzikon\" \/>\n<meta property=\"og:description\" content=\"Unser Angebot 1. &#8211; 3. Sekundarschule \u00a010. Schuljahr Tagesschule\u00a0(keine Hausaufgaben) Kleine Klassen, Abteilungen A und B (Sek.\u00a0und \u00a0Real) wenig Bezugspersonen, famili\u00e4res Umfeld verantwortungsvolle Begleitung in der Berufswahl Individuelle F\u00f6rderung auch der Lebenskompetenzen (Tugenden) Ausserschulische Anl\u00e4sse (Klassenlager, Exkursionen, Projektwochen,\u00a0usw.) Teilweise altersdurchmischtes Lernen Neue Medien kompetent, sicher und sinnvoll nutzen k\u00f6nnen Tagesschule\u00a0(keine Hausaufgaben) Vorbereitung auf den Wunschberuf [&hellip;]\" \/>\n<meta property=\"og:url\" content=\"https:\/\/schoolaboo.com\/de\/listings\/schulfabrik-wetzikon\/\" \/>\n<meta property=\"og:site_name\" content=\"Privatschul Verzeichnis und Beratung\" \/>\n<meta property=\"article:publisher\" content=\"https:\/\/www.facebook.com\/schoolaboo\" \/>\n<meta property=\"og:image\" content=\"https:\/\/schoolaboo.de\/wp-content\/uploads\/2020\/10\/Download-4-1.jpg\" \/>\n<meta name=\"twitter:card\" content=\"summary_large_image\" \/>\n<meta name=\"twitter:image\" content=\"https:\/\/schoolaboo.de\/wp-content\/uploads\/2020\/10\/Download-4-1.jpg\" \/>\n<meta name=\"twitter:label1\" content=\"Gesch\u00e4tzte Lesezeit\" \/>\n\t<meta name=\"twitter:data1\" content=\"3\u00a0Minuten\" \/>\n<script type=\"application\/ld+json\" class=\"yoast-schema-graph\">{\"@context\":\"https:\\\/\\\/schema.org\",\"@graph\":[{\"@type\":\"WebPage\",\"@id\":\"https:\\\/\\\/schoolaboo.com\\\/de\\\/listings\\\/schulfabrik-wetzikon\\\/\",\"url\":\"https:\\\/\\\/schoolaboo.com\\\/de\\\/listings\\\/schulfabrik-wetzikon\\\/\",\"name\":\"Schulfabrik Wetzikon - Privatschul Verzeichnis und Beratung\",\"isPartOf\":{\"@id\":\"https:\\\/\\\/schoolaboo.com\\\/de\\\/#website\"},\"primaryImageOfPage\":{\"@id\":\"https:\\\/\\\/schoolaboo.com\\\/de\\\/listings\\\/schulfabrik-wetzikon\\\/#primaryimage\"},\"image\":{\"@id\":\"https:\\\/\\\/schoolaboo.com\\\/de\\\/listings\\\/schulfabrik-wetzikon\\\/#primaryimage\"},\"thumbnailUrl\":\"https:\\\/\\\/www.schulfabrik.ch\\\/media\\\/img\\\/design\\\/icons\\\/green_arc.png\",\"datePublished\":\"2020-10-28T13:38:26+00:00\",\"breadcrumb\":{\"@id\":\"https:\\\/\\\/schoolaboo.com\\\/de\\\/listings\\\/schulfabrik-wetzikon\\\/#breadcrumb\"},\"inLanguage\":\"de\",\"potentialAction\":[{\"@type\":\"ReadAction\",\"target\":[\"https:\\\/\\\/schoolaboo.com\\\/de\\\/listings\\\/schulfabrik-wetzikon\\\/\"]}]},{\"@type\":\"ImageObject\",\"inLanguage\":\"de\",\"@id\":\"https:\\\/\\\/schoolaboo.com\\\/de\\\/listings\\\/schulfabrik-wetzikon\\\/#primaryimage\",\"url\":\"https:\\\/\\\/www.schulfabrik.ch\\\/media\\\/img\\\/design\\\/icons\\\/green_arc.png\",\"contentUrl\":\"https:\\\/\\\/www.schulfabrik.ch\\\/media\\\/img\\\/design\\\/icons\\\/green_arc.png\"},{\"@type\":\"BreadcrumbList\",\"@id\":\"https:\\\/\\\/schoolaboo.com\\\/de\\\/listings\\\/schulfabrik-wetzikon\\\/#breadcrumb\",\"itemListElement\":[{\"@type\":\"ListItem\",\"position\":1,\"name\":\"Startseite\",\"item\":\"https:\\\/\\\/schoolaboo.com\\\/de\\\/\"},{\"@type\":\"ListItem\",\"position\":2,\"name\":\"Listings\",\"item\":\"https:\\\/\\\/schoolaboo.com\\\/de\\\/angebote\\\/\"},{\"@type\":\"ListItem\",\"position\":3,\"name\":\"Schulfabrik Wetzikon\"}]},{\"@type\":\"WebSite\",\"@id\":\"https:\\\/\\\/schoolaboo.com\\\/de\\\/#website\",\"url\":\"https:\\\/\\\/schoolaboo.com\\\/de\\\/\",\"name\":\"schoolaboo Schule suchen und finden\",\"description\":\"Privatschule finden und vergleichen\",\"publisher\":{\"@id\":\"https:\\\/\\\/schoolaboo.com\\\/de\\\/#organization\"},\"potentialAction\":[{\"@type\":\"SearchAction\",\"target\":{\"@type\":\"EntryPoint\",\"urlTemplate\":\"https:\\\/\\\/schoolaboo.com\\\/de\\\/?s={search_term_string}\"},\"query-input\":{\"@type\":\"PropertyValueSpecification\",\"valueRequired\":true,\"valueName\":\"search_term_string\"}}],\"inLanguage\":\"de\"},{\"@type\":\"Organization\",\"@id\":\"https:\\\/\\\/schoolaboo.com\\\/de\\\/#organization\",\"name\":\"schoolaboo\",\"url\":\"https:\\\/\\\/schoolaboo.com\\\/de\\\/\",\"logo\":{\"@type\":\"ImageObject\",\"inLanguage\":\"de\",\"@id\":\"https:\\\/\\\/schoolaboo.com\\\/de\\\/#\\\/schema\\\/logo\\\/image\\\/\",\"url\":\"https:\\\/\\\/schoolaboo.com\\\/wp-content\\\/uploads\\\/2025\\\/04\\\/schoolaboo_Signet_RGB_pos_72dpi.jpg\",\"contentUrl\":\"https:\\\/\\\/schoolaboo.com\\\/wp-content\\\/uploads\\\/2025\\\/04\\\/schoolaboo_Signet_RGB_pos_72dpi.jpg\",\"width\":262,\"height\":86,\"caption\":\"schoolaboo\"},\"image\":{\"@id\":\"https:\\\/\\\/schoolaboo.com\\\/de\\\/#\\\/schema\\\/logo\\\/image\\\/\"},\"sameAs\":[\"https:\\\/\\\/www.facebook.com\\\/schoolaboo\",\"https:\\\/\\\/www.linkedin.com\\\/showcase\\\/schoolaboo\"]}]}<\/script>\n<!-- \/ Yoast SEO Premium plugin. -->","yoast_head_json":{"title":"Schulfabrik Wetzikon - Privatschul Verzeichnis und Beratung","robots":{"index":"index","follow":"follow","max-snippet":"max-snippet:-1","max-image-preview":"max-image-preview:large","max-video-preview":"max-video-preview:-1"},"canonical":"https:\/\/schoolaboo.com\/de\/listings\/schulfabrik-wetzikon\/","og_locale":"de_DE","og_type":"article","og_title":"Schulfabrik Wetzikon","og_description":"Unser Angebot 1. &#8211; 3. Sekundarschule \u00a010. Schuljahr Tagesschule\u00a0(keine Hausaufgaben) Kleine Klassen, Abteilungen A und B (Sek.\u00a0und \u00a0Real) wenig Bezugspersonen, famili\u00e4res Umfeld verantwortungsvolle Begleitung in der Berufswahl Individuelle F\u00f6rderung auch der Lebenskompetenzen (Tugenden) Ausserschulische Anl\u00e4sse (Klassenlager, Exkursionen, Projektwochen,\u00a0usw.) Teilweise altersdurchmischtes Lernen Neue Medien kompetent, sicher und sinnvoll nutzen k\u00f6nnen Tagesschule\u00a0(keine Hausaufgaben) Vorbereitung auf den Wunschberuf [&hellip;]","og_url":"https:\/\/schoolaboo.com\/de\/listings\/schulfabrik-wetzikon\/","og_site_name":"Privatschul Verzeichnis und Beratung","article_publisher":"https:\/\/www.facebook.com\/schoolaboo","og_image":[{"url":"https:\/\/schoolaboo.de\/wp-content\/uploads\/2020\/10\/Download-4-1.jpg","type":"","width":"","height":""}],"twitter_card":"summary_large_image","twitter_image":"https:\/\/schoolaboo.de\/wp-content\/uploads\/2020\/10\/Download-4-1.jpg","twitter_misc":{"Gesch\u00e4tzte Lesezeit":"3\u00a0Minuten"},"schema":{"@context":"https:\/\/schema.org","@graph":[{"@type":"WebPage","@id":"https:\/\/schoolaboo.com\/de\/listings\/schulfabrik-wetzikon\/","url":"https:\/\/schoolaboo.com\/de\/listings\/schulfabrik-wetzikon\/","name":"Schulfabrik Wetzikon - Privatschul Verzeichnis und Beratung","isPartOf":{"@id":"https:\/\/schoolaboo.com\/de\/#website"},"primaryImageOfPage":{"@id":"https:\/\/schoolaboo.com\/de\/listings\/schulfabrik-wetzikon\/#primaryimage"},"image":{"@id":"https:\/\/schoolaboo.com\/de\/listings\/schulfabrik-wetzikon\/#primaryimage"},"thumbnailUrl":"https:\/\/www.schulfabrik.ch\/media\/img\/design\/icons\/green_arc.png","datePublished":"2020-10-28T13:38:26+00:00","breadcrumb":{"@id":"https:\/\/schoolaboo.com\/de\/listings\/schulfabrik-wetzikon\/#breadcrumb"},"inLanguage":"de","potentialAction":[{"@type":"ReadAction","target":["https:\/\/schoolaboo.com\/de\/listings\/schulfabrik-wetzikon\/"]}]},{"@type":"ImageObject","inLanguage":"de","@id":"https:\/\/schoolaboo.com\/de\/listings\/schulfabrik-wetzikon\/#primaryimage","url":"https:\/\/www.schulfabrik.ch\/media\/img\/design\/icons\/green_arc.png","contentUrl":"https:\/\/www.schulfabrik.ch\/media\/img\/design\/icons\/green_arc.png"},{"@type":"BreadcrumbList","@id":"https:\/\/schoolaboo.com\/de\/listings\/schulfabrik-wetzikon\/#breadcrumb","itemListElement":[{"@type":"ListItem","position":1,"name":"Startseite","item":"https:\/\/schoolaboo.com\/de\/"},{"@type":"ListItem","position":2,"name":"Listings","item":"https:\/\/schoolaboo.com\/de\/angebote\/"},{"@type":"ListItem","position":3,"name":"Schulfabrik Wetzikon"}]},{"@type":"WebSite","@id":"https:\/\/schoolaboo.com\/de\/#website","url":"https:\/\/schoolaboo.com\/de\/","name":"schoolaboo Schule suchen und finden","description":"Privatschule finden und vergleichen","publisher":{"@id":"https:\/\/schoolaboo.com\/de\/#organization"},"potentialAction":[{"@type":"SearchAction","target":{"@type":"EntryPoint","urlTemplate":"https:\/\/schoolaboo.com\/de\/?s={search_term_string}"},"query-input":{"@type":"PropertyValueSpecification","valueRequired":true,"valueName":"search_term_string"}}],"inLanguage":"de"},{"@type":"Organization","@id":"https:\/\/schoolaboo.com\/de\/#organization","name":"schoolaboo","url":"https:\/\/schoolaboo.com\/de\/","logo":{"@type":"ImageObject","inLanguage":"de","@id":"https:\/\/schoolaboo.com\/de\/#\/schema\/logo\/image\/","url":"https:\/\/schoolaboo.com\/wp-content\/uploads\/2025\/04\/schoolaboo_Signet_RGB_pos_72dpi.jpg","contentUrl":"https:\/\/schoolaboo.com\/wp-content\/uploads\/2025\/04\/schoolaboo_Signet_RGB_pos_72dpi.jpg","width":262,"height":86,"caption":"schoolaboo"},"image":{"@id":"https:\/\/schoolaboo.com\/de\/#\/schema\/logo\/image\/"},"sameAs":["https:\/\/www.facebook.com\/schoolaboo","https:\/\/www.linkedin.com\/showcase\/schoolaboo"]}]}},"_links":{"self":[{"href":"https:\/\/schoolaboo.com\/de\/wp-json\/wp\/v2\/job-listings\/21814","targetHints":{"allow":["GET"]}}],"collection":[{"href":"https:\/\/schoolaboo.com\/de\/wp-json\/wp\/v2\/job-listings"}],"about":[{"href":"https:\/\/schoolaboo.com\/de\/wp-json\/wp\/v2\/types\/job_listing"}],"replies":[{"embeddable":true,"href":"https:\/\/schoolaboo.com\/de\/wp-json\/wp\/v2\/comments?post=21814"}],"wp:attachment":[{"href":"https:\/\/schoolaboo.com\/de\/wp-json\/wp\/v2\/media?parent=21814"}],"wp:term":[{"taxonomy":"job_listing_region","embeddable":true,"href":"https:\/\/schoolaboo.com\/de\/wp-json\/wp\/v2\/job_listing_region?post=21814"},{"taxonomy":"job_listing_category","embeddable":true,"href":"https:\/\/schoolaboo.com\/de\/wp-json\/wp\/v2\/job-categories?post=21814"},{"taxonomy":"job_listing_type","embeddable":true,"href":"https:\/\/schoolaboo.com\/de\/wp-json\/wp\/v2\/job-types?post=21814"}],"curies":[{"name":"wp","href":"https:\/\/api.w.org\/{rel}","templated":true}]}}